{"id":1107,"date":"2022-08-24T12:30:58","date_gmt":"2022-08-24T10:30:58","guid":{"rendered":"https:\/\/www.kalbus.de\/?page_id=1107"},"modified":"2022-08-24T13:38:06","modified_gmt":"2022-08-24T11:38:06","slug":"daenemark-2022","status":"publish","type":"page","link":"https:\/\/www.kalbus.de\/?page_id=1107","title":{"rendered":"D\u00e4nemark 2022"},"content":{"rendered":"\n<p>Seit zwei Jahren, der erste Urlaub au\u00dferhalb Deutschlands. Das sollte eigentlich nichts Besonderes sein, ist es f\u00fcr mich schon, da ich nicht mit dem Flieger, sondern mit meinem Auto und Wohnwagen unterwegs bin. D\u00e4nemark, ein Land durch das ich bei meinen Reisen in den Norden hindurch gefahren bin, dass ich mir aber nich wirklich angeschaut habe. Das wollte ich dieses Jahr \u00e4ndern.<\/p>\n\n\n\n<figure class=\"wp-block-image size-large\"><img loading=\"lazy\" decoding=\"async\" width=\"683\" height=\"1024\" src=\"https:\/\/www.kalbus.de\/wp-content\/uploads\/2022\/08\/DSCF9069-683x1024.jpg\" alt=\"\" class=\"wp-image-1016\" srcset=\"https:\/\/www.kalbus.de\/wp-content\/uploads\/2022\/08\/DSCF9069-683x1024.jpg 683w, https:\/\/www.kalbus.de\/wp-content\/uploads\/2022\/08\/DSCF9069-200x300.jpg 200w, https:\/\/www.kalbus.de\/wp-content\/uploads\/2022\/08\/DSCF9069-768x1152.jpg 768w, https:\/\/www.kalbus.de\/wp-content\/uploads\/2022\/08\/DSCF9069-1024x1536.jpg 1024w, https:\/\/www.kalbus.de\/wp-content\/uploads\/2022\/08\/DSCF9069-rotated.jpg 1200w\" sizes=\"auto, (max-width: 683px) 100vw, 683px\" \/><\/figure>\n\n\n\n<p>Ich muss mich auch wieder vorsichtig an meine Urlaubsgewohnheiten herantasten, deswegen eine Woche Sightseeing, Museen und Kultur auf Sj\u00e6lland, in und um Kopenhagen. Die zweite Woche Ruhe und Entspannung auf M\u00f8n.<\/p>\n\n\n\n<ul class=\"wp-block-list\"><li><a href=\"https:\/\/www.kalbus.de\/?p=947\" data-type=\"URL\" data-id=\"https:\/\/www.kalbus.de\/?p=947\">Urlaub in D\u00e4nemark<\/a><\/li><li><a href=\"https:\/\/www.kalbus.de\/?p=957\" data-type=\"URL\" data-id=\"https:\/\/www.kalbus.de\/?p=957\">F\u00e4hre und erst mal ankommen<\/a><\/li><\/ul>\n\n\n\n<h4 class=\"wp-block-heading\">Kultur und Sightseeing auf Sj\u00e6lland<\/h4>\n\n\n\n<ul class=\"wp-block-list\"><li><a href=\"https:\/\/www.kalbus.de\/?p=959\" data-type=\"URL\" data-id=\"https:\/\/www.kalbus.de\/?p=959\">Roskilde Vikingerschiffmuseum<\/a><\/li><li><a href=\"https:\/\/www.kalbus.de\/?p=970\" data-type=\"URL\" data-id=\"https:\/\/www.kalbus.de\/?p=970\">Der Dom zu Roskilde<\/a><\/li><li><a href=\"https:\/\/www.kalbus.de\/?p=987\" data-type=\"URL\" data-id=\"https:\/\/www.kalbus.de\/?p=987\">Fredriksborg<\/a><\/li><li><a href=\"https:\/\/www.kalbus.de\/?p=1009\">Kopenhagen by bike<\/a><\/li><li><a href=\"https:\/\/www.kalbus.de\/?p=1021\" data-type=\"URL\" data-id=\"https:\/\/www.kalbus.de\/?p=1021\">Kopenhagen vom Wasser<\/a><\/li><li><a href=\"https:\/\/www.kalbus.de\/?p=1036\" data-type=\"URL\" data-id=\"https:\/\/www.kalbus.de\/?p=1036\">Louisiana Museum of Modern Art<\/a><\/li><li><a href=\"https:\/\/www.kalbus.de\/?p=1056\">Ruhetag, oder so<\/a><\/li><\/ul>\n\n\n\n<h4 class=\"wp-block-heading\">Ruhe und Entspannung auf M\u00f8n<\/h4>\n\n\n\n<ul class=\"wp-block-list\"><li><a href=\"https:\/\/www.kalbus.de\/?p=1064\" data-type=\"URL\" data-id=\"https:\/\/www.kalbus.de\/?p=1064\">Ankommen auf M\u00f8n<\/a><\/li><li><a href=\"https:\/\/www.kalbus.de\/?p=1070\" data-type=\"URL\" data-id=\"https:\/\/www.kalbus.de\/?p=1070\">M\u00f8ns Klint<\/a><\/li><li><a href=\"https:\/\/www.kalbus.de\/?p=1083\">Wie wird das Wasser heute<\/a><\/li><li><a href=\"https:\/\/www.kalbus.de\/?p=1094\">R\u00fcckreise<\/a><\/li><\/ul>\n\n\n\n<p>In der ersten Woche gab es nat\u00fcrlich viel mehr zu sehen, zu erleben und zu berichten. In der zweiten Woche habe ich dann die Ruhe genossen und einen Strandtag t\u00e4glich eingelegt. Ein bisschen was musste ich trotzdem anschauen. Aber leider, leider war der Urlaub dann doch sehr schnell vorbei. <\/p>\n","protected":false},"excerpt":{"rendered":"<p>Seit zwei Jahren, der erste Urlaub au\u00dferhalb Deutschlands. Das sollte eigentlich nichts Besonderes sein, ist es f\u00fcr mich schon, da ich nicht mit dem Flieger, sondern mit meinem Auto und Wohnwagen unterwegs bin. D\u00e4nemark, ein Land durch das ich bei meinen Reisen in den Norden hindurch gefahren bin, dass ich mir aber nich wirklich angeschaut &hellip; <a href=\"https:\/\/www.kalbus.de\/?page_id=1107\" class=\"more-link\"><span class=\"screen-reader-text\">D\u00e4nemark 2022<\/span> weiterlesen<\/a><\/p>\n","protected":false},"author":2,"featured_media":0,"parent":0,"menu_order":0,"comment_status":"closed","ping_status":"closed","template":"","meta":{"footnotes":""},"class_list":["post-1107","page","type-page","status-publish","hentry"],"jetpack_shortlink":"https:\/\/wp.me\/P2LFC5-hR","jetpack_sharing_enabled":true,"_links":{"self":[{"href":"https:\/\/www.kalbus.de\/index.php?rest_route=\/wp\/v2\/pages\/1107","targetHints":{"allow":["GET"]}}],"collection":[{"href":"https:\/\/www.kalbus.de\/index.php?rest_route=\/wp\/v2\/pages"}],"about":[{"href":"https:\/\/www.kalbus.de\/index.php?rest_route=\/wp\/v2\/types\/page"}],"author":[{"embeddable":true,"href":"https:\/\/www.kalbus.de\/index.php?rest_route=\/wp\/v2\/users\/2"}],"replies":[{"embeddable":true,"href":"https:\/\/www.kalbus.de\/index.php?rest_route=%2Fwp%2Fv2%2Fcomments&post=1107"}],"version-history":[{"count":4,"href":"https:\/\/www.kalbus.de\/index.php?rest_route=\/wp\/v2\/pages\/1107\/revisions"}],"predecessor-version":[{"id":1115,"href":"https:\/\/www.kalbus.de\/index.php?rest_route=\/wp\/v2\/pages\/1107\/revisions\/1115"}],"wp:attachment":[{"href":"https:\/\/www.kalbus.de\/index.php?rest_route=%2Fwp%2Fv2%2Fmedia&parent=1107"}],"curies":[{"name":"wp","href":"https:\/\/api.w.org\/{rel}","templated":true}]}}